{"id":28,"date":"2026-04-23T15:45:11","date_gmt":"2026-04-23T15:45:11","guid":{"rendered":"https:\/\/example.com\/forside\/"},"modified":"2026-04-27T17:40:29","modified_gmt":"2026-04-27T17:40:29","slug":"forside","status":"publish","type":"page","link":"https:\/\/vol2.arthitecture.art\/","title":{"rendered":"Forside"},"content":{"rendered":"\t\t<div data-elementor-type=\"wp-page\" data-elementor-id=\"28\" class=\"elementor elementor-28\" data-elementor-post-type=\"page\">\n\t\t\t\t<div class=\"elementor-element elementor-element-5d623488 e-con-full e-flex e-con e-parent\" data-id=\"5d623488\" data-element_type=\"container\" data-e-type=\"container\" data-settings=\"{&quot;background_background&quot;:&quot;classic&quot;,&quot;shape_divider_top&quot;:&quot;tilt&quot;}\">\n\t\t\t\t<div class=\"elementor-shape elementor-shape-top\" aria-hidden=\"true\" data-negative=\"false\">\n\t\t\t<svg xmlns=\"http:\/\/www.w3.org\/2000\/svg\" viewBox=\"0 0 1000 100\" preserveAspectRatio=\"none\">\n\t<path class=\"elementor-shape-fill\" d=\"M0,6V0h1000v100L0,6z\"\/>\n<\/svg>\t\t<\/div>\n\t\t\t\t<div class=\"elementor-element elementor-element-00869c4 elementor-widget elementor-widget-text-editor\" data-id=\"00869c4\" data-element_type=\"widget\" data-e-type=\"widget\" data-widget_type=\"text-editor.default\">\n\t\t\t\t\t\t\t\t\t<p><span style=\"font-size: 36pt;\">Udstilling&nbsp;<\/span><br><span style=\"font-size: 24pt;\">Kunsthuset Annaborg i Hiller\u00f8d<br><\/span><span style=\"font-size: 18pt;\">fra 18. juni til 26. juli 2026 \u00b7&nbsp;tirsdag-s\u00f8ndag kl 12-16<\/span><\/p>\t\t\t\t\t\t\t\t<\/div>\n\t\t\t\t<div class=\"elementor-element elementor-element-fdd6129 elementor-widget elementor-widget-text-editor\" data-id=\"fdd6129\" data-element_type=\"widget\" data-e-type=\"widget\" data-widget_type=\"text-editor.default\">\n\t\t\t\t\t\t\t\t\t<p style=\"text-align: right;\" data-pm-slice=\"1 1 []\">Her m\u00f8der du v\u00e6rker, der udfordrer, hvordan vi ser p\u00e5\u00a0<\/p><p style=\"text-align: right;\" data-pm-slice=\"1 1 []\">kunst, arkitektur og design. Ikke ved at give svar,\u00a0<\/p><p style=\"text-align: right;\" data-pm-slice=\"1 1 []\">men ved at f\u00e5 det velkendte til at st\u00e5 mindre stille.<\/p>\t\t\t\t\t\t\t\t<\/div>\n\t\t\t\t<div class=\"elementor-element elementor-element-6acf05f elementor-widget elementor-widget-text-editor\" data-id=\"6acf05f\" data-element_type=\"widget\" data-e-type=\"widget\" data-widget_type=\"text-editor.default\">\n\t\t\t\t\t\t\t\t\t<p data-pm-slice=\"1 1 []\">ARThitecture unders\u00f8ger, hvad der sker, n\u00e5r v\u00e6rker <br>ikke bare h\u00e6nger i et rum, men p\u00e5virker den m\u00e5de, vi bev\u00e6ger os, <br>ser og f\u00f8ler p\u00e5. Det er en udstilling, der \u00e5bner Annaborg p\u00e5 nye m\u00e5der.<\/p>\t\t\t\t\t\t\t\t<\/div>\n\t\t\t\t<div class=\"elementor-element elementor-element-ff208b7 elementor-widget elementor-widget-spacer\" data-id=\"ff208b7\" data-element_type=\"widget\" data-e-type=\"widget\" data-widget_type=\"spacer.default\">\n\t\t\t\t\t\t\t<div class=\"elementor-spacer\">\n\t\t\t<div class=\"elementor-spacer-inner\"><\/div>\n\t\t<\/div>\n\t\t\t\t\t\t<\/div>\n\t\t\t\t<\/div>\n\t\t<div class=\"elementor-element elementor-element-6c57aef e-flex e-con-boxed e-con e-parent\" data-id=\"6c57aef\" data-element_type=\"container\" data-e-type=\"container\" data-settings=\"{&quot;background_background&quot;:&quot;classic&quot;}\">\n\t\t\t\t\t<div class=\"e-con-inner\">\n\t\t<div class=\"elementor-element elementor-element-bb0b84f e-con-full e-flex e-con e-child\" data-id=\"bb0b84f\" data-element_type=\"container\" data-e-type=\"container\">\n\t\t\t\t<div class=\"elementor-element elementor-element-8f4f668 elementor-widget elementor-widget-text-editor\" data-id=\"8f4f668\" data-element_type=\"widget\" data-e-type=\"widget\" data-widget_type=\"text-editor.default\">\n\t\t\t\t\t\t\t\t\t<p><span style=\"font-size: 24pt;\">M\u00f8d kunstnerne<\/span><br \/>der arbejder i feltet mellem kunst, arkitektur og design, og unders\u00f8ger, hvad der kendetegner deciplinerne \u2013 og hvad der opst\u00e5r, n\u00e5r deres gr\u00e6nser bliver \u00e5bne, flydende eller umulige at fastholde.<\/p><p>\u00a0<\/p>\t\t\t\t\t\t\t\t<\/div>\n\t\t<div class=\"elementor-element elementor-element-0b3a47e e-con-full e-flex e-con e-child\" data-id=\"0b3a47e\" data-element_type=\"container\" data-e-type=\"container\">\n\t\t\t\t<div class=\"elementor-element elementor-element-9133964 elementor-grid-3 elementor-grid-tablet-2 elementor-grid-mobile-1 elementor-widget elementor-widget-portfolio\" data-id=\"9133964\" data-element_type=\"widget\" data-e-type=\"widget\" data-settings=\"{&quot;item_ratio&quot;:{&quot;unit&quot;:&quot;px&quot;,&quot;size&quot;:0.729999999999999982236431605997495353221893310546875,&quot;sizes&quot;:[]},&quot;row_gap&quot;:{&quot;unit&quot;:&quot;px&quot;,&quot;size&quot;:20,&quot;sizes&quot;:[]},&quot;columns&quot;:&quot;3&quot;,&quot;columns_tablet&quot;:&quot;2&quot;,&quot;columns_mobile&quot;:&quot;1&quot;,&quot;item_gap&quot;:{&quot;unit&quot;:&quot;px&quot;,&quot;size&quot;:&quot;&quot;,&quot;sizes&quot;:[]}}\" data-widget_type=\"portfolio.default\">\n\t\t\t\t<div class=\"elementor-widget-container\">\n\t\t\t\t\t\t\t<div class=\"elementor-portfolio elementor-grid elementor-posts-container\" role=\"list\">\n\t\t\t\t<article class=\"elementor-portfolio-item elementor-post  post-38 post type-post status-publish format-standard hentry category-uncategorized\" role=\"listitem\">\n\t\t\t<a class=\"elementor-post__thumbnail__link\" href=\"https:\/\/vol2.arthitecture.art\/index.php\/2026\/04\/23\/ali-tabatabai\/\">\n\t\t\t\t<div class=\"elementor-portfolio-item__img elementor-post__thumbnail\">\n\t\t\t\t\t<\/div>\n\t\t\t\t<div class=\"elementor-portfolio-item__overlay\">\n\t\t\t\t<div class=\"elementor-portfolio-item__title\">\n\t\tAli Tabatabai\t\t<\/div>\n\t\t\t\t<\/div>\n\t\t\t\t<\/a>\n\t\t<\/article>\n\t\t\t\t<article class=\"elementor-portfolio-item elementor-post  post-10 post type-post status-publish format-standard has-post-thumbnail hentry category-uncategorized\" role=\"listitem\">\n\t\t\t<a class=\"elementor-post__thumbnail__link\" href=\"https:\/\/vol2.arthitecture.art\/index.php\/2026\/04\/23\/backhausbrown\/\">\n\t\t\t\t<div class=\"elementor-portfolio-item__img elementor-post__thumbnail\">\n\t\t\t<img fetchpriority=\"high\" decoding=\"async\" width=\"300\" height=\"225\" src=\"https:\/\/vol2.arthitecture.art\/wp-content\/uploads\/2026\/04\/20250514_171451-300x225.jpg\" class=\"attachment-medium size-medium wp-image-534\" alt=\"\" srcset=\"https:\/\/vol2.arthitecture.art\/wp-content\/uploads\/2026\/04\/20250514_171451-300x225.jpg 300w, https:\/\/vol2.arthitecture.art\/wp-content\/uploads\/2026\/04\/20250514_171451-1024x768.jpg 1024w, https:\/\/vol2.arthitecture.art\/wp-content\/uploads\/2026\/04\/20250514_171451-768x576.jpg 768w, https:\/\/vol2.arthitecture.art\/wp-content\/uploads\/2026\/04\/20250514_171451-1536x1152.jpg 1536w, https:\/\/vol2.arthitecture.art\/wp-content\/uploads\/2026\/04\/20250514_171451-2048x1536.jpg 2048w\" sizes=\"(max-width: 300px) 100vw, 300px\" \/>\t\t<\/div>\n\t\t\t\t<div class=\"elementor-portfolio-item__overlay\">\n\t\t\t\t<div class=\"elementor-portfolio-item__title\">\n\t\tBackhausBrown\t\t<\/div>\n\t\t\t\t<\/div>\n\t\t\t\t<\/a>\n\t\t<\/article>\n\t\t\t\t<article class=\"elementor-portfolio-item elementor-post  post-37 post type-post status-publish format-standard hentry category-uncategorized\" role=\"listitem\">\n\t\t\t<a class=\"elementor-post__thumbnail__link\" href=\"https:\/\/vol2.arthitecture.art\/index.php\/2026\/04\/23\/benny-noergaard-henningsen-sissel-romme\/\">\n\t\t\t\t<div class=\"elementor-portfolio-item__img elementor-post__thumbnail\">\n\t\t\t\t\t<\/div>\n\t\t\t\t<div class=\"elementor-portfolio-item__overlay\">\n\t\t\t\t<div class=\"elementor-portfolio-item__title\">\n\t\tBenny N\u00f8rgaard Henningsen &#038; Sissel Romme\t\t<\/div>\n\t\t\t\t<\/div>\n\t\t\t\t<\/a>\n\t\t<\/article>\n\t\t\t\t<article class=\"elementor-portfolio-item elementor-post  post-39 post type-post status-publish format-standard has-post-thumbnail hentry category-uncategorized\" role=\"listitem\">\n\t\t\t<a class=\"elementor-post__thumbnail__link\" href=\"https:\/\/vol2.arthitecture.art\/index.php\/2026\/04\/23\/christina-bredahl-duelund\/\">\n\t\t\t\t<div class=\"elementor-portfolio-item__img elementor-post__thumbnail\">\n\t\t\t<img decoding=\"async\" width=\"300\" height=\"212\" src=\"https:\/\/vol2.arthitecture.art\/wp-content\/uploads\/2026\/04\/Skitse-Christina-Bredahl-Duelund-300x212.jpeg\" class=\"attachment-medium size-medium wp-image-350\" alt=\"\" srcset=\"https:\/\/vol2.arthitecture.art\/wp-content\/uploads\/2026\/04\/Skitse-Christina-Bredahl-Duelund-300x212.jpeg 300w, https:\/\/vol2.arthitecture.art\/wp-content\/uploads\/2026\/04\/Skitse-Christina-Bredahl-Duelund-1024x724.jpeg 1024w, https:\/\/vol2.arthitecture.art\/wp-content\/uploads\/2026\/04\/Skitse-Christina-Bredahl-Duelund-768x543.jpeg 768w, https:\/\/vol2.arthitecture.art\/wp-content\/uploads\/2026\/04\/Skitse-Christina-Bredahl-Duelund.jpeg 1280w\" sizes=\"(max-width: 300px) 100vw, 300px\" \/>\t\t<\/div>\n\t\t\t\t<div class=\"elementor-portfolio-item__overlay\">\n\t\t\t\t<div class=\"elementor-portfolio-item__title\">\n\t\tChristina Bredahl Duelund\t\t<\/div>\n\t\t\t\t<\/div>\n\t\t\t\t<\/a>\n\t\t<\/article>\n\t\t\t\t<article class=\"elementor-portfolio-item elementor-post  post-36 post type-post status-publish format-standard has-post-thumbnail hentry category-uncategorized\" role=\"listitem\">\n\t\t\t<a class=\"elementor-post__thumbnail__link\" href=\"https:\/\/vol2.arthitecture.art\/index.php\/2026\/04\/23\/jakob-nedergaard-agger\/\">\n\t\t\t\t<div class=\"elementor-portfolio-item__img elementor-post__thumbnail\">\n\t\t\t<img decoding=\"async\" width=\"300\" height=\"224\" src=\"https:\/\/vol2.arthitecture.art\/wp-content\/uploads\/2026\/04\/Skaermbillede-2026-04-26-kl.-12.25.05-300x224.png\" class=\"attachment-medium size-medium wp-image-368\" alt=\"\" srcset=\"https:\/\/vol2.arthitecture.art\/wp-content\/uploads\/2026\/04\/Skaermbillede-2026-04-26-kl.-12.25.05-300x224.png 300w, https:\/\/vol2.arthitecture.art\/wp-content\/uploads\/2026\/04\/Skaermbillede-2026-04-26-kl.-12.25.05.png 440w\" sizes=\"(max-width: 300px) 100vw, 300px\" \/>\t\t<\/div>\n\t\t\t\t<div class=\"elementor-portfolio-item__overlay\">\n\t\t\t\t<div class=\"elementor-portfolio-item__title\">\n\t\tJakob Nedergaard Agger\t\t<\/div>\n\t\t\t\t<\/div>\n\t\t\t\t<\/a>\n\t\t<\/article>\n\t\t\t\t<article class=\"elementor-portfolio-item elementor-post  post-6 post type-post status-publish format-standard has-post-thumbnail hentry category-uncategorized\" role=\"listitem\">\n\t\t\t<a class=\"elementor-post__thumbnail__link\" href=\"https:\/\/vol2.arthitecture.art\/index.php\/2026\/04\/23\/kvorning-gitte-olsson-arne-kvorning\/\">\n\t\t\t\t<div class=\"elementor-portfolio-item__img elementor-post__thumbnail\">\n\t\t\t<img loading=\"lazy\" decoding=\"async\" width=\"300\" height=\"224\" src=\"https:\/\/vol2.arthitecture.art\/wp-content\/uploads\/2026\/04\/Skaermbillede-2026-04-26-kl.-13.59.27-300x224.png\" class=\"attachment-medium size-medium wp-image-410\" alt=\"\" srcset=\"https:\/\/vol2.arthitecture.art\/wp-content\/uploads\/2026\/04\/Skaermbillede-2026-04-26-kl.-13.59.27-300x224.png 300w, https:\/\/vol2.arthitecture.art\/wp-content\/uploads\/2026\/04\/Skaermbillede-2026-04-26-kl.-13.59.27-1024x766.png 1024w, https:\/\/vol2.arthitecture.art\/wp-content\/uploads\/2026\/04\/Skaermbillede-2026-04-26-kl.-13.59.27-768x574.png 768w, https:\/\/vol2.arthitecture.art\/wp-content\/uploads\/2026\/04\/Skaermbillede-2026-04-26-kl.-13.59.27.png 1190w\" sizes=\"(max-width: 300px) 100vw, 300px\" \/>\t\t<\/div>\n\t\t\t\t<div class=\"elementor-portfolio-item__overlay\">\n\t\t\t\t<div class=\"elementor-portfolio-item__title\">\n\t\tKVORNING\t\t<\/div>\n\t\t\t\t<\/div>\n\t\t\t\t<\/a>\n\t\t<\/article>\n\t\t\t\t<article class=\"elementor-portfolio-item elementor-post  post-34 post type-post status-publish format-standard has-post-thumbnail hentry category-uncategorized\" role=\"listitem\">\n\t\t\t<a class=\"elementor-post__thumbnail__link\" href=\"https:\/\/vol2.arthitecture.art\/index.php\/2026\/04\/23\/mette-salomonsen\/\">\n\t\t\t\t<div class=\"elementor-portfolio-item__img elementor-post__thumbnail\">\n\t\t\t<img loading=\"lazy\" decoding=\"async\" width=\"300\" height=\"225\" src=\"https:\/\/vol2.arthitecture.art\/wp-content\/uploads\/2026\/04\/20250514_165229-300x225.jpg\" class=\"attachment-medium size-medium wp-image-525\" alt=\"\" srcset=\"https:\/\/vol2.arthitecture.art\/wp-content\/uploads\/2026\/04\/20250514_165229-300x225.jpg 300w, https:\/\/vol2.arthitecture.art\/wp-content\/uploads\/2026\/04\/20250514_165229-1024x768.jpg 1024w, https:\/\/vol2.arthitecture.art\/wp-content\/uploads\/2026\/04\/20250514_165229-768x576.jpg 768w, https:\/\/vol2.arthitecture.art\/wp-content\/uploads\/2026\/04\/20250514_165229-1536x1152.jpg 1536w, https:\/\/vol2.arthitecture.art\/wp-content\/uploads\/2026\/04\/20250514_165229-2048x1536.jpg 2048w\" sizes=\"(max-width: 300px) 100vw, 300px\" \/>\t\t<\/div>\n\t\t\t\t<div class=\"elementor-portfolio-item__overlay\">\n\t\t\t\t<div class=\"elementor-portfolio-item__title\">\n\t\tMette Salomonsen\t\t<\/div>\n\t\t\t\t<\/div>\n\t\t\t\t<\/a>\n\t\t<\/article>\n\t\t\t\t<article class=\"elementor-portfolio-item elementor-post  post-33 post type-post status-publish format-standard has-post-thumbnail hentry category-uncategorized\" role=\"listitem\">\n\t\t\t<a class=\"elementor-post__thumbnail__link\" href=\"https:\/\/vol2.arthitecture.art\/index.php\/2026\/04\/23\/mogens-jacobsen\/\">\n\t\t\t\t<div class=\"elementor-portfolio-item__img elementor-post__thumbnail\">\n\t\t\t<img loading=\"lazy\" decoding=\"async\" width=\"300\" height=\"225\" src=\"https:\/\/vol2.arthitecture.art\/wp-content\/uploads\/2026\/04\/20250514_165743-300x225.jpg\" class=\"attachment-medium size-medium wp-image-529\" alt=\"\" srcset=\"https:\/\/vol2.arthitecture.art\/wp-content\/uploads\/2026\/04\/20250514_165743-300x225.jpg 300w, https:\/\/vol2.arthitecture.art\/wp-content\/uploads\/2026\/04\/20250514_165743-1024x768.jpg 1024w, https:\/\/vol2.arthitecture.art\/wp-content\/uploads\/2026\/04\/20250514_165743-768x576.jpg 768w, https:\/\/vol2.arthitecture.art\/wp-content\/uploads\/2026\/04\/20250514_165743-1536x1152.jpg 1536w, https:\/\/vol2.arthitecture.art\/wp-content\/uploads\/2026\/04\/20250514_165743-2048x1536.jpg 2048w\" sizes=\"(max-width: 300px) 100vw, 300px\" \/>\t\t<\/div>\n\t\t\t\t<div class=\"elementor-portfolio-item__overlay\">\n\t\t\t\t<div class=\"elementor-portfolio-item__title\">\n\t\tMogens Jacobsen\t\t<\/div>\n\t\t\t\t<\/div>\n\t\t\t\t<\/a>\n\t\t<\/article>\n\t\t\t\t<article class=\"elementor-portfolio-item elementor-post  post-35 post type-post status-publish format-standard has-post-thumbnail hentry category-uncategorized\" role=\"listitem\">\n\t\t\t<a class=\"elementor-post__thumbnail__link\" href=\"https:\/\/vol2.arthitecture.art\/index.php\/2026\/04\/23\/niels-bak-rasmussen\/\">\n\t\t\t\t<div class=\"elementor-portfolio-item__img elementor-post__thumbnail\">\n\t\t\t<img loading=\"lazy\" decoding=\"async\" width=\"300\" height=\"225\" src=\"https:\/\/vol2.arthitecture.art\/wp-content\/uploads\/2026\/04\/20250514_165935-300x225.jpg\" class=\"attachment-medium size-medium wp-image-531\" alt=\"\" srcset=\"https:\/\/vol2.arthitecture.art\/wp-content\/uploads\/2026\/04\/20250514_165935-300x225.jpg 300w, https:\/\/vol2.arthitecture.art\/wp-content\/uploads\/2026\/04\/20250514_165935-1024x768.jpg 1024w, https:\/\/vol2.arthitecture.art\/wp-content\/uploads\/2026\/04\/20250514_165935-768x576.jpg 768w, https:\/\/vol2.arthitecture.art\/wp-content\/uploads\/2026\/04\/20250514_165935-1536x1152.jpg 1536w, https:\/\/vol2.arthitecture.art\/wp-content\/uploads\/2026\/04\/20250514_165935-2048x1536.jpg 2048w\" sizes=\"(max-width: 300px) 100vw, 300px\" \/>\t\t<\/div>\n\t\t\t\t<div class=\"elementor-portfolio-item__overlay\">\n\t\t\t\t<div class=\"elementor-portfolio-item__title\">\n\t\tNiels Bak Rasmussen\t\t<\/div>\n\t\t\t\t<\/div>\n\t\t\t\t<\/a>\n\t\t<\/article>\n\t\t\t\t<\/div>\n\t\t\t\t\t\t<\/div>\n\t\t\t\t<\/div>\n\t\t\t\t<\/div>\n\t\t\t\t<\/div>\n\t\t\t\t\t<\/div>\n\t\t\t\t<\/div>\n\t\t<div class=\"elementor-element elementor-element-1300657 e-flex e-con-boxed e-con e-parent\" data-id=\"1300657\" data-element_type=\"container\" data-e-type=\"container\" data-settings=\"{&quot;background_background&quot;:&quot;classic&quot;}\">\n\t\t\t\t\t<div class=\"e-con-inner\">\n\t\t<div class=\"elementor-element elementor-element-28019e8 e-con-full e-flex e-con e-child\" data-id=\"28019e8\" data-element_type=\"container\" data-e-type=\"container\">\n\t\t\t\t<div class=\"elementor-element elementor-element-3659260 elementor-widget elementor-widget-text-editor\" data-id=\"3659260\" data-element_type=\"widget\" data-e-type=\"widget\" data-widget_type=\"text-editor.default\">\n\t\t\t\t\t\t\t\t\t<p><span style=\"font-size: 32px;\">Program<\/span><\/p>\n<p>i udstillingsperioden er der forskellige events&#8230;<\/p>\n<p><\/p>\n<p><b>\u00c5bning<\/b><br>Torsdag 18. juni 12-16<\/p>\n<p><b>Fernisering vol 1<br><\/b>L\u00f8rdag 20. juni 2026 kl. 14\u201316<\/p>\n<p><b>Fernisering vol 2<br>&#8230;..<\/b><\/p>\n<p><b>Artist talks \/ samtaler<br><\/b>Samtaler med deltagende kunstnere og kurator om v\u00e6rkerne, rummet og udstillingens id\u00e9.<br>&#8230;&#8230;.<\/p>\n<p><b>Omvisninger<br><\/b>Introduktioner til udstillingen med fokus p\u00e5 forholdet mellem kunst, arkitektur, design og sted.<br>&#8230;&#8230;.<\/p>\n<p><b>S\u00e6rlige events<br><\/b>Yderligere programpunkter offentligg\u00f8res her.<br>&#8230;&#8230;.<\/p>\t\t\t\t\t\t\t\t<\/div>\n\t\t<div class=\"elementor-element elementor-element-9215987 e-con-full e-flex e-con e-child\" data-id=\"9215987\" data-element_type=\"container\" data-e-type=\"container\">\n\t\t\t\t<\/div>\n\t\t\t\t<\/div>\n\t\t\t\t\t<\/div>\n\t\t\t\t<\/div>\n\t\t<div class=\"elementor-element elementor-element-74eb9cd e-flex e-con-boxed e-con e-parent\" data-id=\"74eb9cd\" data-element_type=\"container\" data-e-type=\"container\" data-settings=\"{&quot;background_background&quot;:&quot;classic&quot;,&quot;shape_divider_top&quot;:&quot;tilt&quot;}\">\n\t\t\t\t\t<div class=\"e-con-inner\">\n\t\t\t\t<div class=\"elementor-shape elementor-shape-top\" aria-hidden=\"true\" data-negative=\"false\">\n\t\t\t<svg xmlns=\"http:\/\/www.w3.org\/2000\/svg\" viewBox=\"0 0 1000 100\" preserveAspectRatio=\"none\">\n\t<path class=\"elementor-shape-fill\" d=\"M0,6V0h1000v100L0,6z\"\/>\n<\/svg>\t\t<\/div>\n\t\t<div class=\"elementor-element elementor-element-f96b1db e-con-full e-flex e-con e-child\" data-id=\"f96b1db\" data-element_type=\"container\" data-e-type=\"container\" data-settings=\"{&quot;background_background&quot;:&quot;slideshow&quot;,&quot;background_slideshow_gallery&quot;:[{&quot;id&quot;:621,&quot;url&quot;:&quot;https:\\\/\\\/vol2.arthitecture.art\\\/wp-content\\\/uploads\\\/2026\\\/04\\\/LLosaka_contrast_zones_20260425_152122-2-kopier.png&quot;}],&quot;background_slideshow_loop&quot;:&quot;yes&quot;,&quot;background_slideshow_slide_duration&quot;:5000,&quot;background_slideshow_slide_transition&quot;:&quot;fade&quot;,&quot;background_slideshow_transition_duration&quot;:500}\">\n\t\t\t\t<\/div>\n\t\t<div class=\"elementor-element elementor-element-cc27f09 e-con-full e-flex e-con e-child\" data-id=\"cc27f09\" data-element_type=\"container\" data-e-type=\"container\">\n\t\t\t\t<div class=\"elementor-element elementor-element-c797a97 elementor-widget__width-initial elementor-widget elementor-widget-text-editor\" data-id=\"c797a97\" data-element_type=\"widget\" data-e-type=\"widget\" data-widget_type=\"text-editor.default\">\n\t\t\t\t\t\t\t\t\t<p><span style=\"font-size: 36pt;\">ARThitecture <\/span><br \/><span style=\"font-size: 18pt;\">fra OSAKA til HILLER\u00d8D<\/span><\/p><p><span style=\"font-size: 14pt;\">F\u00f8rste udgave af ARThitecture fandt sted i maj 2025 i Tadao Andos Nipponbashi House i Osaka. Nu flytter udstillingen til Annaborg i Hiller\u00f8d, hvor den samme id\u00e9 m\u00f8der en ny arkitektur, en ny sammenh\u00e6ng og et nyt publikum.<\/span><\/p><p><a href=\"https:\/\/vol2.arthitecture.art\/index.php\/om-udstillingen\/osaka-vol-1\/\">L\u00e6s mere om ARThitecture vol 1<\/a><\/p>\t\t\t\t\t\t\t\t<\/div>\n\t\t\t\t<div class=\"elementor-element elementor-element-80cde3c elementor-widget elementor-widget-spacer\" data-id=\"80cde3c\" data-element_type=\"widget\" data-e-type=\"widget\" data-widget_type=\"spacer.default\">\n\t\t\t\t\t\t\t<div class=\"elementor-spacer\">\n\t\t\t<div class=\"elementor-spacer-inner\"><\/div>\n\t\t<\/div>\n\t\t\t\t\t\t<\/div>\n\t\t\t\t<\/div>\n\t\t<div class=\"elementor-element elementor-element-dce87a3 e-con-full e-flex e-con e-child\" data-id=\"dce87a3\" data-element_type=\"container\" data-e-type=\"container\" data-settings=\"{&quot;background_background&quot;:&quot;slideshow&quot;,&quot;background_slideshow_gallery&quot;:[{&quot;id&quot;:624,&quot;url&quot;:&quot;https:\\\/\\\/vol2.arthitecture.art\\\/wp-content\\\/uploads\\\/2026\\\/04\\\/LLhiller_d_contrast_zones_20260425_152218.png&quot;}],&quot;background_slideshow_loop&quot;:&quot;yes&quot;,&quot;background_slideshow_slide_duration&quot;:5000,&quot;background_slideshow_slide_transition&quot;:&quot;fade&quot;,&quot;background_slideshow_transition_duration&quot;:500}\">\n\t\t\t\t<\/div>\n\t\t\t\t\t<\/div>\n\t\t\t\t<\/div>\n\t\t\t\t<\/div>\n\t\t","protected":false},"excerpt":{"rendered":"<p>Udstilling&nbsp;Kunsthuset Annaborg i Hiller\u00f8dfra 18. juni til 26. juli 2026 \u00b7&nbsp;tirsdag-s\u00f8ndag kl 12-16 Her m\u00f8der du v\u00e6rker, der udfordrer, hvordan vi ser p\u00e5\u00a0 kunst, arkitektur og design. Ikke ved at give svar,\u00a0 men ved at f\u00e5 det velkendte til at st\u00e5 mindre stille. ARThitecture unders\u00f8ger, hvad der sker, n\u00e5r v\u00e6rker ikke bare h\u00e6nger i et [&hellip;]<\/p>\n","protected":false},"author":2,"featured_media":0,"parent":0,"menu_order":1,"comment_status":"closed","ping_status":"closed","template":"elementor_header_footer","meta":{"_angie_page":false,"footnotes":""},"class_list":["post-28","page","type-page","status-publish","hentry"],"_links":{"self":[{"href":"https:\/\/vol2.arthitecture.art\/index.php\/wp-json\/wp\/v2\/pages\/28","targetHints":{"allow":["GET"]}}],"collection":[{"href":"https:\/\/vol2.arthitecture.art\/index.php\/wp-json\/wp\/v2\/pages"}],"about":[{"href":"https:\/\/vol2.arthitecture.art\/index.php\/wp-json\/wp\/v2\/types\/page"}],"author":[{"embeddable":true,"href":"https:\/\/vol2.arthitecture.art\/index.php\/wp-json\/wp\/v2\/users\/2"}],"replies":[{"embeddable":true,"href":"https:\/\/vol2.arthitecture.art\/index.php\/wp-json\/wp\/v2\/comments?post=28"}],"version-history":[{"count":115,"href":"https:\/\/vol2.arthitecture.art\/index.php\/wp-json\/wp\/v2\/pages\/28\/revisions"}],"predecessor-version":[{"id":671,"href":"https:\/\/vol2.arthitecture.art\/index.php\/wp-json\/wp\/v2\/pages\/28\/revisions\/671"}],"wp:attachment":[{"href":"https:\/\/vol2.arthitecture.art\/index.php\/wp-json\/wp\/v2\/media?parent=28"}],"curies":[{"name":"wp","href":"https:\/\/api.w.org\/{rel}","templated":true}]}}